{"id":98,"date":"2013-11-24T16:39:17","date_gmt":"2013-11-24T16:39:17","guid":{"rendered":"http:\/\/main.cse-initiative.eu\/?page_id=98"},"modified":"2013-12-12T11:10:53","modified_gmt":"2013-12-12T11:10:53","slug":"appel-de-linitiative-kapodistrias-spinelli-europe","status":"publish","type":"page","link":"https:\/\/main.cse-initiative.eu\/?page_id=98","title":{"rendered":"Appel de l\u2019Initiative \u00ab Kapodistrias \u2013 Spinelli \u2013 Europe \u00bb"},"content":{"rendered":"<p>L\u2019id\u00e9e d\u2019Europe unie a d\u00e9j\u00e0 une longue histoire. D\u00e8s le d\u00e9but du 19\u00e8 si\u00e8cle, elle figurait parmi les id\u00e9es radicales que d\u00e9fendaient certains intellectuels distingu\u00e9s et politiciens \u00e9clair\u00e9s, qui recherchaient dans les \u00ab \u00c9tats Unis d\u2019Europe \u00bb la r\u00e9ponse aux guerres sanglantes et aux graves conflits qui opposaient les grandes puissances. Tout au long de son parcours, l\u2019id\u00e9al europ\u00e9en tend \u00e0 s\u2019identifier aux id\u00e9aux pacifistes.<\/p>\n<p>Chez Jean Kapodistrias et Altiero Spinelli, deux personnalit\u00e9s d\u2019envergure europ\u00e9enne, se rejoignent les aspirations et les efforts de deux si\u00e8cles en faveur de l\u2019unification de l\u2019Europe. Le premier proclamait d\u00e9j\u00e0 en 1820, dans une conf\u00e9rence pour la paix, que \u00ab seul le choix de faire dominer les id\u00e9es lib\u00e9rales et d\u00e9mocratiques, le respect des droits des petits peuples, et non le retour aux institutions vieilles et d\u00e9pass\u00e9es de la violence, est celui que nous devons adopter pour permettre le maintien de la paix et la r\u00e9conciliation des peuples d\u2019Europe \u00bb. Le second, alors qu\u2019il \u00e9tait encore prisonnier du r\u00e9gime fasciste de Mussolini, r\u00e9digea le manifeste de Ventotene en faveur d\u2019une Europe libre et unie et se distingua apr\u00e8s la guerre comme l\u2019un des protagonistes de l\u2019unification europ\u00e9enne d\u00e9mocratique, sociale et pacifiste sur la base du mod\u00e8le f\u00e9d\u00e9ral. Les id\u00e9es des deux hommes continuent encore aujourd\u2019hui, \u00e0 l\u2019aube du 21\u00e8me si\u00e8cle, \u00e0 repr\u00e9senter une source d\u2019inspiration, au moment o\u00f9 l\u2019Europe se trouve \u00e0 un carrefour et recherche de nouvelles voies pour sortir de la crise que traverse le processus d\u2019unification.<\/p>\n<p>Nous, signataires de cette proclamation fondatrice de l\u2019Initiative \u00ab Kapodistrias \u2013 Spinelli \u2013 Europe \u00bb, consid\u00e9rons que l\u2019unification de l\u2019Europe est n\u00e9cessaire et faisable aujourd\u2019hui plus encore que jamais dans l\u2019histoire. Elle concerne non seulement l\u2019ensemble de notre continent, ses peuples et ses citoyens, mais l\u2019humanit\u00e9 toute enti\u00e8re.<\/p>\n<p>La crise profonde et multiple que vit le monde entier montre de la mani\u00e8re la plus claire que l\u2019Europe unie ne peut \u00eatre un grand march\u00e9 incontr\u00f4l\u00e9, o\u00f9 continuera \u00e0 dominer l\u2019avidit\u00e9 des profits, o\u00f9 seront absents les contr\u00f4les d\u00e9mocratiques et sociaux, o\u00f9 les citoyens seront sans cesse pouss\u00e9s en marge, o\u00f9 les biens publics seront commercialis\u00e9s.<\/p>\n<p>L\u2019heure est venue pour les peuples et les citoyens de prendre en main le processus d\u2019unification de l\u2019Europe. De d\u00e9fendre le mod\u00e8le social europ\u00e9en. De revendiquer un processus de construction europ\u00e9enne \u00ab par le bas \u00bb, incluant le droit du choix des \u00e9lecteurs (en tant que droit de l\u2019homme fondamental) d\u2019un syst\u00e8me de gouvernance alternatif bas\u00e9 sur les citoyens actifs, sans toutefois abolir les partis et le droit du choix d\u2019une d\u00e9mocratie repr\u00e9sentative multipartite. D\u2019exiger le renforcement du Parlement Europ\u00e9en, de sorte qu\u2019il acqui\u00e8re de pleines comp\u00e9tences l\u00e9gislatives et de contr\u00f4le. De cr\u00e9er \u00e9galement une deuxi\u00e8me Chambre des citoyens actifs et libres au Parlement Europ\u00e9en.<\/p>\n<p>Une Europe unie ne peut \u00eatre que pacifique et \u00e9cologique, ind\u00e9pendante des \u00c9tats Unis, lib\u00e9r\u00e9e des armes nucl\u00e9aires, dans l\u2019esprit de l\u2019 \u00ab<a href=\"http:\/\/www.acdn.net\/spip\/article.php3?id_article=406&amp;lang=fr\" target=\"_blank\">Appel de Saintes<\/a>\u00bb et du rapport <a href=\"http:\/\/www.europarl.europa.eu\/sides\/getDoc.do?pubRef=-\/\/EP\/\/TEXT+REPORT+A4-1999-0005+0+DOC+XML+V0\/\/FR\">\u00ab\u00a0Sur l\u2019environnement, la s\u00e9curit\u00e9 et la politique \u00e9trang\u00e8re\u00a0\u00bb<\/a>, solidaires des pays pauvres, avec des relations de respect mutuel, d\u2019amiti\u00e9 et de coop\u00e9ration avec tous les pays et des relations privil\u00e9gi\u00e9es avec les pays du voisinage proche.<\/p>\n<p>Nous pensons que c\u2019est l\u00e0 l\u2019h\u00e9ritage que nous ont laiss\u00e9 Kapodistrias et Spinelli et d\u2019autres grands pro-europ\u00e9ens, ainsi que les grands mouvements qui ont marqu\u00e9 de leurs luttes l\u2019histoire europ\u00e9enne, particuli\u00e8rement dans le courant du 20\u00e8 si\u00e8cle et au d\u00e9but du 21\u00e8me. Sur la base des id\u00e9es et objectifs pr\u00e9cit\u00e9s, nous ferons en sorte de d\u00e9velopper notre initiative, laquelle sera ouverte \u00e0 la participation et aux collaborations, au niveau national et europ\u00e9en.<\/p>\n<p><strong>Ath\u00e8nes, mars 2009\/<em>\u00c9gine juin 2013<\/em><\/strong><\/p>\n","protected":false},"excerpt":{"rendered":"<p>L\u2019id\u00e9e d\u2019Europe unie a d\u00e9j\u00e0 une longue histoire. D\u00e8s le d\u00e9but du 19\u00e8 si\u00e8cle, elle figurait parmi les id\u00e9es radicales que d\u00e9fendaient certains intellectuels distingu\u00e9s et politiciens \u00e9clair\u00e9s, qui recherchaient dans les \u00ab \u00c9tats Unis d\u2019Europe \u00bb la r\u00e9ponse aux guerres sanglantes et aux graves conflits qui opposaient les grandes puissances. Tout au long de son parcours, l\u2019id\u00e9al europ\u00e9en tend \u00e0 s\u2019identifier aux id\u00e9aux pacifistes. Chez Jean Kapodistrias et Altiero Spinelli, deux personnalit\u00e9s d\u2019envergure europ\u00e9enne, se rejoignent les aspirations et les efforts de deux si\u00e8cles en faveur de l\u2019unification de l\u2019Europe. Le premier proclamait d\u00e9j\u00e0 en 1820, dans une conf\u00e9rence pour la paix, que \u00ab seul le choix de faire dominer les id\u00e9es lib\u00e9rales et d\u00e9mocratiques, le respect des droits des petits peuples, et non le retour aux institutions vieilles et d\u00e9pass\u00e9es de la violence, est celui que nous devons adopter pour permettre le maintien de la paix et la r\u00e9conciliation des peuples d\u2019Europe \u00bb. Le second, alors qu\u2019il \u00e9tait encore prisonnier du r\u00e9gime fasciste de Mussolini, r\u00e9digea le manifeste de Ventotene en faveur d\u2019une Europe libre et unie et se distingua apr\u00e8s la guerre comme l\u2019un des protagonistes de l\u2019unification europ\u00e9enne d\u00e9mocratique, sociale et pacifiste sur la base du &hellip; <a class=\"more-link\" href=\"https:\/\/main.cse-initiative.eu\/?page_id=98\">Continue reading <span class=\"meta-nav\">&rarr;<\/span><\/a><\/p>\n","protected":false},"author":1,"featured_media":0,"parent":0,"menu_order":0,"comment_status":"open","ping_status":"open","template":"","meta":[],"_links":{"self":[{"href":"https:\/\/main.cse-initiative.eu\/index.php?rest_route=\/wp\/v2\/pages\/98"}],"collection":[{"href":"https:\/\/main.cse-initiative.eu\/index.php?rest_route=\/wp\/v2\/pages"}],"about":[{"href":"https:\/\/main.cse-initiative.eu\/index.php?rest_route=\/wp\/v2\/types\/page"}],"author":[{"embeddable":true,"href":"https:\/\/main.cse-initiative.eu\/index.php?rest_route=\/wp\/v2\/users\/1"}],"replies":[{"embeddable":true,"href":"https:\/\/main.cse-initiative.eu\/index.php?rest_route=%2Fwp%2Fv2%2Fcomments&post=98"}],"version-history":[{"count":3,"href":"https:\/\/main.cse-initiative.eu\/index.php?rest_route=\/wp\/v2\/pages\/98\/revisions"}],"predecessor-version":[{"id":144,"href":"https:\/\/main.cse-initiative.eu\/index.php?rest_route=\/wp\/v2\/pages\/98\/revisions\/144"}],"wp:attachment":[{"href":"https:\/\/main.cse-initiative.eu\/index.php?rest_route=%2Fwp%2Fv2%2Fmedia&parent=98"}],"curies":[{"name":"wp","href":"https:\/\/api.w.org\/{rel}","templated":true}]}}